{"id":25,"date":"2015-05-12T20:53:07","date_gmt":"2015-05-12T20:53:07","guid":{"rendered":"http:\/\/jornalismo.ufsj.edu.br\/van\/?page_id=25"},"modified":"2015-05-12T21:03:13","modified_gmt":"2015-05-12T21:03:13","slug":"manifestacoes-garciais","status":"publish","type":"page","link":"http:\/\/jornalismo.ufsj.edu.br\/van\/manifestacoes-garciais\/","title":{"rendered":"Edu &#8211; Manifesta\u00e7\u00f5es Garciais"},"content":{"rendered":"<p><span style=\"font-family: Arial, Helvetica, sans-serif; font-size: large;\"><b>Not\u00edcias da Escola Estadual Doutor Garcia de Lima &#8211; 2013<\/b><\/span><br \/>\n<span style=\"font-family: Arial, Helvetica, sans-serif; line-height: 115%; text-align: justify;\"><br \/>\n<\/span><\/p>\n<div style=\"text-align: center;\"><b><span style=\"font-family: Arial, Helvetica, sans-serif; font-size: 16px;\">Anfiteatro em Escolas<\/span><\/b><\/div>\n<p>&nbsp;<\/p>\n<div class=\"separator\" style=\"clear: both; text-align: center;\"><a style=\"margin-left: 1em; margin-right: 1em;\" href=\"http:\/\/2.bp.blogspot.com\/-OVs5bG31SGU\/Uo0RribTfNI\/AAAAAAAACis\/mTPKmaPwnn4\/s1600\/DSC_0353.JPG\"><img loading=\"lazy\" decoding=\"async\" src=\"http:\/\/2.bp.blogspot.com\/-OVs5bG31SGU\/Uo0RribTfNI\/AAAAAAAACis\/mTPKmaPwnn4\/s400\/DSC_0353.JPG\" alt=\"\" width=\"400\" height=\"266\" border=\"0\" \/><\/a><\/div>\n<p><span style=\"font-family: Arial, Helvetica, sans-serif;\"><b><br \/>\n<\/b><\/span><br \/>\n<span style=\"font-family: Arial, Helvetica, sans-serif;\"><br \/>\n<\/span><\/p>\n<p><span style=\"font-family: Arial, Helvetica, sans-serif;\"><br \/>\n<\/span><br \/>\n<span style=\"font-family: Arial, Helvetica, sans-serif;\">Na Roma Antiga, os anfiteatros foram adaptados dos teatros gregos para servirem aos combates de gladiadores, de animais selvagens e para diversas atra\u00e7\u00f5es p\u00fablicas. Podiam ser at\u00e9 cheios d&#8217;\u00e1gua para espet\u00e1culos de combates navais. O mais conhecido e maior deles \u00e9 o Coliseu romano.<\/span><\/p>\n<p><span style=\"font-family: Arial, Helvetica, sans-serif;\"><br \/>\n<\/span><br \/>\n<span style=\"font-family: Arial, Helvetica, sans-serif;\">Atualmente, nas escolas, os anfiteatros servem como palco para apresenta\u00e7\u00f5es musicais, teatrais, entre outras. Apesar disso, a Escola Estadual Dr. Garcia de Lima, em S\u00e3o Jo\u00e3o del &#8211; Rei, possui<\/span><\/p>\n<p><span style=\"font-family: Arial, Helvetica, sans-serif;\">um anfiteatro o qual os alunos do turno da noite n\u00e3o usufruem. Segundo o vice-diretor Humberto Kennedy Bianchini, no local do anfiteatro ocorre um problema com a instala\u00e7\u00e3o de energia el\u00e9trica. &#8220;H\u00e1 tamb\u00e9m projetos mais importantes para os nossos alunos a serem resolvidos. A escola est\u00e1 com um projeto novo<\/span><\/p>\n<p><span style=\"font-family: Arial, Helvetica, sans-serif;\">de construir um anfiteatro mais amplo e melhor do que o que temos&#8221;, afirma o vice-diretor.<\/span><\/p>\n<p><span style=\"font-family: Arial, Helvetica, sans-serif;\"><br \/>\n<\/span><br \/>\n<span style=\"font-family: Arial, Helvetica, sans-serif;\">De acordo com a coordenadora pedag\u00f3gica Raquel Oliveira, o anfiteatro n\u00e3o tem ilumina\u00e7\u00e3o suficiente. A coordenadora disse tamb\u00e9m que o professor de Educa\u00e7\u00e3o F\u00edsica n\u00e3o consegue ter o &#8220;controle necess\u00e1rio&#8221; sobre os alunos, e que o anfiteatro n\u00e3o \u00e9 t\u00e3o procurado pelos professores, por isso n\u00e3o houve as devidas melhoras.<\/span><\/p>\n<p><span style=\"font-family: Arial, Helvetica, sans-serif;\"><br \/>\n<\/span><br \/>\n<span style=\"font-family: Arial, Helvetica, sans-serif;\">J\u00e1 a professora de Artes Rosana disse que o anfiteatro \u00e9 um lugar \u00f3timo para se desenvolver atividades de artes e outras mat\u00e9rias ao ar livre. A aluna Isabelly Miranda, do 1\u00ba ano do T.U, disse que o anfiteatro<\/span><\/p>\n<p><span style=\"font-family: Arial, Helvetica, sans-serif;\">\u00e9 bom para conversar, ler e que, ao lado, fica o Espiribol, que devia tamb\u00e9m ser uma atividade na aula de Educa\u00e7\u00e3o F\u00edsica. Para a aluna J\u00e9ssica Vasconcellos, do 1\u00ba T.I B, o anfiteatro \u00e9 bom para a intera\u00e7\u00e3o dos alunos da escola e para apresenta\u00e7\u00f5es de trabalhos escolares.<\/span><\/p>\n<p><span style=\"font-family: Arial, Helvetica, sans-serif;\"><br \/>\n<\/span><br \/>\n<span style=\"font-family: Arial, Helvetica, sans-serif;\">Apesar de o anfiteatro ser importante para apresenta\u00e7\u00f5es e aulas din\u00e2micas, ele n\u00e3o \u00e9 muito requisitado pelo turno da noite. De acordo com os alunos, eles gostariam que o anfiteatro fosse utilizado para praticar v\u00e1rias atividades.<\/span><\/p>\n<p><span style=\"font-family: Arial, Helvetica, sans-serif;\"><br \/>\n<\/span><br \/>\n<span style=\"font-family: Arial, Helvetica, sans-serif;\">VAN\/ Marluce Michele, Rodrigo Alvim e Bruna Let\u00edcia\u00a0<\/span><\/p>\n<p><span style=\"font-family: Arial, Helvetica, sans-serif;\"><br \/>\n<\/span><\/p>\n<div class=\"separator\" style=\"clear: both; text-align: center;\"><a style=\"margin-left: 1em; margin-right: 1em;\" href=\"http:\/\/4.bp.blogspot.com\/-RM619q5Wamc\/UpjPib3wgrI\/AAAAAAAACms\/MCyk5yrPqzA\/s1600\/DSC_0001.jpg\"><img loading=\"lazy\" decoding=\"async\" src=\"http:\/\/4.bp.blogspot.com\/-RM619q5Wamc\/UpjPib3wgrI\/AAAAAAAACms\/MCyk5yrPqzA\/s320\/DSC_0001.jpg\" alt=\"\" width=\"320\" height=\"144\" border=\"0\" \/><\/a><\/div>\n<p><span style=\"font-family: Arial, Helvetica, sans-serif;\"><br \/>\n<\/span><br \/>\n<span style=\"font-family: Arial, Helvetica, sans-serif;\"><br \/>\n<\/span><\/p>\n<div style=\"text-align: center;\"><span style=\"font-family: Arial, Helvetica, sans-serif; font-size: 16px;\"><b>Merenda escolar \u00e9 sucesso no Garcia de Lima<\/b><\/span><\/div>\n<div style=\"text-align: center;\"><span style=\"font-family: Arial, Helvetica, sans-serif;\"><b>\u00a0<\/b><\/span><\/div>\n<p><span style=\"font-family: Arial, Helvetica, sans-serif;\">A merenda da Escola Estadual Dr. Garcia de Lima \u00e9 muito elogiada por diversos alunos. A comida \u00e9 preparada, segundo os integrantes da escola, com muita dedica\u00e7\u00e3o e seguindo o gosto dos alunos.<\/span><\/p>\n<p><span style=\"font-family: Arial, Helvetica, sans-serif;\"><br \/>\n<\/span><br \/>\n<span style=\"font-family: Arial, Helvetica, sans-serif;\">Maria Aparecida de \u00c1vila Silva, 54 anos, mais conhecida como Nega, \u00e9 a cozinheira. Segundo ela, \u201c\u00e9 gratificante cozinhar para uma escola, sentir que os alunos gostaram do seu tempero\u201d. Ela diz que j\u00e1 sente a alegria de<\/span><\/p>\n<p><span style=\"font-family: Arial, Helvetica, sans-serif;\">trabalhar na escola h\u00e1 quatro meses.<\/span><\/p>\n<p><span style=\"font-family: Arial, Helvetica, sans-serif;\"><br \/>\n<\/span><br \/>\n<span style=\"font-family: Arial, Helvetica, sans-serif;\">Isabela de Paula Barbosa, estudante do segundo ano do ensino m\u00e9dio, 18 anos, disse que a merenda \u00e9 boa por causa do tempero da Nega. A comida que a agrada \u00e9 o arroz temperado. Mas j\u00e1 aconteceu alguns incidentes<\/span><\/p>\n<p><span style=\"font-family: Arial, Helvetica, sans-serif;\">durante a merenda, como a presen\u00e7a de fios de cabelo na comida.<\/span><\/p>\n<p><span style=\"font-family: Arial, Helvetica, sans-serif;\"><br \/>\n<\/span><br \/>\n<span style=\"font-family: Arial, Helvetica, sans-serif;\">Humberto Kennedy Bianchini, 49 anos, \u00e9 o diretor da escola na parte da noite. Nos demais turnos, ele \u00e9 o vice-diretor. Ele contou como s\u00e3o selecionadas as cozinheiras para a escola. Segundo ele, \u201celas s\u00e3o selecionadas por meio de chamada p\u00fablica, tendo como prioridade ao cargo as que tem maior tempo de trabalho\u201d. Kennedy tamb\u00e9m contou como s\u00e3o elaborados os pratos: \u201c o card\u00e1pio \u00e9 escolhido pela nutricionista da SEE (Secretaria Estadual de Educa\u00e7\u00e3o) mas, sempre que poss\u00edvel, n\u00f3s podemos incrementar com algo\u201d, afirma o diretor.<\/span><\/p>\n<p><span style=\"font-family: Arial, Helvetica, sans-serif;\"><br \/>\n<\/span><br \/>\n<span style=\"font-family: Arial, Helvetica, sans-serif;\">VAN\/ Larissa Lombello, Lucas Marcus, Victor Giarola<\/span><\/p>\n<p><span style=\"font-family: Arial, Helvetica, sans-serif;\"><br \/>\n<\/span><\/p>\n<div class=\"separator\" style=\"clear: both; text-align: center;\"><a style=\"margin-left: 1em; margin-right: 1em;\" href=\"http:\/\/4.bp.blogspot.com\/-kfQBB-AW0fY\/UpjQzjKvHLI\/AAAAAAAACm0\/5orPZ5TxO6s\/s1600\/DSC_0356.jpg\"><img loading=\"lazy\" decoding=\"async\" src=\"http:\/\/4.bp.blogspot.com\/-kfQBB-AW0fY\/UpjQzjKvHLI\/AAAAAAAACm0\/5orPZ5TxO6s\/s320\/DSC_0356.jpg\" alt=\"\" width=\"320\" height=\"212\" border=\"0\" \/><\/a><\/div>\n<p><span style=\"font-family: Arial, Helvetica, sans-serif;\"><br \/>\n<\/span><br \/>\n<span style=\"font-family: Arial, Helvetica, sans-serif;\"><br \/>\n<\/span><\/p>\n<div style=\"text-align: center;\"><b><span style=\"font-family: Arial, Helvetica, sans-serif; font-size: 16px;\">Investimentos em tecnologia auxiliam no aprendizado de alunos<\/span><\/b><\/div>\n<div style=\"text-align: center;\"><b><span style=\"font-family: Arial, Helvetica, sans-serif;\">\u00a0<\/span><\/b><\/div>\n<p><span style=\"font-family: Arial, Helvetica, sans-serif;\">A Escola Estadual Doutor Garcia De Lima atende alunos do Ensino Fundamental, Ensino M\u00e9dio e Educa\u00e7\u00e3o para Jovens e Adultos (EJA). Nos \u00faltimos cinco anos, a escola vem se adaptando ao uso de equipamentos tecnol\u00f3gicos. Segundo a dire\u00e7\u00e3o, professores e alunos, a medida tem aumentado a qualidade do ensino ofertado.<\/span><\/p>\n<p><span style=\"font-family: Arial, Helvetica, sans-serif;\"><br \/>\n<\/span><br \/>\n<span style=\"font-family: Arial, Helvetica, sans-serif;\">No Garcia de Lima, a implanta\u00e7\u00e3o das tecnologias em sala de aula foi um processo gradativo e que possibilitou maior sintonia com os professores e melhor aprendizado dos alunos. Segundo o diretor Humberto Kennedy, isto promove, al\u00e9m do acesso tecnol\u00f3gico, um contato humanit\u00e1rio. \u201dN\u00e3o adianta o professor ter o amparo tecnol\u00f3gico se n\u00e3o souber usar o lado humanit\u00e1rio\u201d, afirma o diretor.<\/span><\/p>\n<p><span style=\"font-family: Arial, Helvetica, sans-serif;\"><br \/>\n<\/span><\/p>\n<p><span style=\"font-family: Arial, Helvetica, sans-serif;\">\u201cVivemos em um mundo onde a tecnologia \u00e9 uma realidade, n\u00e3o d\u00e1 para imaginar o mundo hoje sem recursos tecnol\u00f3gicos que vieram facilitar nossa vida de um modo geral\u201d, declara o professor de Educa\u00e7\u00e3o F\u00edsica Itamar Donizetti de Moura. Para ele, a chegada dos equipamentos melhorou o aprendizado dos alunos que tinham dificuldade em entender a aula tradicional, tornando a tecnologia um meio importante para a educa\u00e7\u00e3o.<\/span><\/p>\n<p><span style=\"font-family: Arial, Helvetica, sans-serif;\"><br \/>\n<\/span><br \/>\n<span style=\"font-family: Arial, Helvetica, sans-serif;\">Os alunos afirmam que o investimento tem sido de grande import\u00e2ncia para o aprendizado e apontam ainda que os recursos tecnol\u00f3gicos devem ser utilizados com mais frequ\u00eancia durante as aulas. \u00c9 o que afirma a aluna B\u00e1rbara Patr\u00edcia, do 2\u00ba ano noturno. \u201c A escola tem se empenhado em nos proporcionar dinamismo dentro da sala de aula e, com isso, n\u00f3s, alunos, mostramos mais interesse pelo conte\u00fado. Por\u00e9m os recursos deveriam ser utilizados mais vezes, como a sala de multi-meios, que n\u00e3o usamos com frequ\u00eancia.\u201d<\/span><\/p>\n<p><span style=\"font-family: Arial, Helvetica, sans-serif;\"><br \/>\n<\/span><br \/>\n<span style=\"font-family: Arial, Helvetica, sans-serif;\">VAN\/ Rodrigo Romano<\/span><\/p>\n<p><span style=\"font-family: Arial, Helvetica, sans-serif;\"><br \/>\n<\/span><\/p>\n<div class=\"separator\" style=\"clear: both; text-align: center;\"><a style=\"margin-left: 1em; margin-right: 1em;\" href=\"http:\/\/3.bp.blogspot.com\/-nRViecsU75A\/UpjSI9O5M-I\/AAAAAAAACm8\/n1krHGM7icI\/s1600\/DSC_0002(1).jpg\"><img loading=\"lazy\" decoding=\"async\" src=\"http:\/\/3.bp.blogspot.com\/-nRViecsU75A\/UpjSI9O5M-I\/AAAAAAAACm8\/n1krHGM7icI\/s320\/DSC_0002(1).jpg\" alt=\"\" width=\"320\" height=\"212\" border=\"0\" \/><\/a><\/div>\n<p><span style=\"font-family: Arial, Helvetica, sans-serif;\"><br \/>\n<\/span><br \/>\n<span style=\"font-family: Arial, Helvetica, sans-serif;\"><br \/>\n<\/span><\/p>\n<div style=\"text-align: center;\"><b><span style=\"font-family: Arial, Helvetica, sans-serif; font-size: 16px;\">Alunos do Garcia reclamam sobre a falta constante de professores \u00e0s aulas<\/span><\/b><\/div>\n<div style=\"text-align: center;\"><b><span style=\"font-family: Arial, Helvetica, sans-serif;\">\u00a0<\/span><\/b><\/div>\n<p><span style=\"font-family: Arial, Helvetica, sans-serif;\">Os alunos da E.E Dr. Garcia de Lima est\u00e3o reclamando pelas faltas constantes dos professores nas aulas, pois est\u00e3o perdendo os conte\u00fados das mat\u00e9rias e isso pode fazer falta na conclus\u00e3o do semestre.<\/span><\/p>\n<p><span style=\"font-family: Arial, Helvetica, sans-serif;\"><br \/>\n<\/span><br \/>\n<span style=\"font-family: Arial, Helvetica, sans-serif;\">Procuramos a coordenadora da escola e ela nos prestou os seguintes esclarecimentos: \u201cNormalmente, quando os professores faltam, eles deixam a atividade com a dire\u00e7\u00e3o e, quando eles n\u00e3o mandam atividade, a supervis\u00e3o<\/span><\/p>\n<p><span style=\"font-family: Arial, Helvetica, sans-serif;\">orienta os alunos a estudarem\u201d.<\/span><\/p>\n<p><span style=\"font-family: Arial, Helvetica, sans-serif;\"><br \/>\n<\/span><br \/>\n<span style=\"font-family: Arial, Helvetica, sans-serif;\">Por\u00e9m os alunos contestam. &#8220;H\u00e1 faltas quase todas as semanas e, com isso, perdemos os conte\u00fados do dia\u201d, disse o aluno Denilson Diego da Cruz, 17 anos, do primeiro ano.<\/span><\/p>\n<p><span style=\"font-family: Arial, Helvetica, sans-serif;\"><br \/>\n<\/span><br \/>\n<span style=\"font-family: Arial, Helvetica, sans-serif;\">Isso \u00e9 um problema que afeta a escola e, diretamente, os alunos.&#8221;As faltas dos professores em minha sala s\u00e3o frequentes e isso est\u00e1 fazendo a gente perder os conte\u00fados da mat\u00e9ria. Seria melhor se houvesse mais compromisso\u201d, declara o aluno Eduardo Santos, 16 anos, do segundo ano.<\/span><\/p>\n<p><span style=\"font-family: Arial, Helvetica, sans-serif;\"><br \/>\n<\/span><br \/>\n<span style=\"font-family: Arial, Helvetica, sans-serif;\">Perguntamos aos alunos o que eles acham que poderia ser feito quanto a essa quest\u00e3o e, al\u00e9m de falarem sobre a falta de compromisso, sugeriram: \u201c Eles deveriam arrumar outros professores para substituir\u201d.<\/span><\/p>\n<p><span style=\"font-family: Arial, Helvetica, sans-serif;\"><br \/>\n<\/span><br \/>\n<span style=\"font-family: Arial, Helvetica, sans-serif;\">VAN Jessica Lopes Larissa Lombello e Taynara Guimar\u00e3es<\/span><\/p>\n<p><span style=\"font-family: Arial, Helvetica, sans-serif;\"><br \/>\n<\/span><\/p>\n<div class=\"separator\" style=\"clear: both; text-align: center;\"><a style=\"margin-left: 1em; margin-right: 1em;\" href=\"http:\/\/1.bp.blogspot.com\/-a28pC47MlEo\/UpjUWNFO9iI\/AAAAAAAACnI\/3Rji0SbHr-8\/s1600\/DSC_0352.jpg\"><img loading=\"lazy\" decoding=\"async\" src=\"http:\/\/1.bp.blogspot.com\/-a28pC47MlEo\/UpjUWNFO9iI\/AAAAAAAACnI\/3Rji0SbHr-8\/s320\/DSC_0352.jpg\" alt=\"\" width=\"320\" height=\"212\" border=\"0\" \/><\/a><\/div>\n<p><span style=\"font-family: Arial, Helvetica, sans-serif;\"><br \/>\n<\/span><\/p>\n<div class=\"Padro\" style=\"text-align: center;\" align=\"center\"><b><span style=\"font-family: Arial, Helvetica, sans-serif; font-size: 16px;\">Chico, o porteiro<br \/>\n\u201cBombril\u201d<\/span><\/b><\/div>\n<div class=\"Padro\" style=\"text-align: center;\" align=\"center\"><\/div>\n<div class=\"Padro\" style=\"text-align: justify; text-justify: inter-ideograph;\"><span style=\"font-family: Arial, Helvetica, sans-serif;\">O porteiro da E.E. Dr. Garcia de<br \/>\nLima do turno da noite, Francisco Rodrigues Valle, mais conhecido como Chico,<br \/>\ntem 59 anos e h\u00e1 11 trabalha na escola. Al\u00e9m de porteiro, Chico \u00e9 mil e uma<br \/>\nutilidades, como o famoso \u201cBombril\u201d.<\/span><\/div>\n<div class=\"Padro\" style=\"text-align: justify; text-justify: inter-ideograph;\"><span style=\"font-family: Arial, Helvetica, sans-serif;\">\u00a0<\/span><\/div>\n<div class=\"Padro\" style=\"text-align: justify; text-justify: inter-ideograph;\"><span style=\"font-family: Arial, Helvetica, sans-serif;\">Dentro e fora da escola, ele<br \/>\ntrabalha h\u00e1 mais de trinta anos como pintor, encanador, pedreiro, balconista,<br \/>\narmador de laje, entre outras fun\u00e7\u00f5es. \u201cFa\u00e7o porque preciso. Ningu\u00e9m trabalha<br \/>\nporque gosta\u201d. Segundo ele, d\u00e1 para pagar as contas e a renda \u00e9 sustent\u00e1vel.<\/span><\/div>\n<div class=\"Padro\" style=\"text-align: justify; text-justify: inter-ideograph;\"><span style=\"font-family: Arial, Helvetica, sans-serif;\">\u00a0<\/span><\/div>\n<div class=\"Padro\" style=\"text-align: justify; text-justify: inter-ideograph;\"><span style=\"font-family: Arial, Helvetica, sans-serif;\">O diretor da escola, Arnaldo,<br \/>\ndisse que o trabalho que Chico faz na escola \u00e9 extremamente importante para ele<br \/>\ne para os alunos. \u201cSeu Francisco faz de tudo aqui na nossa escola. Conserta<br \/>\npisos, pinta paredes e tudo que for preciso ele nos ajuda, al\u00e9m de ficar no<br \/>\nport\u00e3o coordenando a entrada e sa\u00edda de nosso alunos\u201d.<\/span><\/div>\n<div class=\"Padro\" style=\"text-align: justify; text-justify: inter-ideograph;\"><span style=\"font-family: Arial, Helvetica, sans-serif;\">\u00a0<\/span><\/div>\n<div class=\"Padro\" style=\"text-align: justify; text-justify: inter-ideograph;\"><span style=\"font-family: Arial, Helvetica, sans-serif;\">Sim\u00e3o, um aluno que j\u00e1 est\u00e1 h\u00e1<br \/>\nmais tempo no noturno, disse que \u00e9 muito amigo de Chico e gosta muito dele. \u201cJ\u00e1<br \/>\nvi muitas coisas feitas pelo Chico aqui na escola, como o ch\u00e3o que ele pinta e<br \/>\nparedes tamb\u00e9m, al\u00e9m de ser porteiro\u201d &#8211; disse o jovem. <\/span><\/div>\n<div class=\"Padro\" style=\"text-align: justify; text-justify: inter-ideograph;\"><span style=\"font-family: Arial, Helvetica, sans-serif;\">\u00a0<\/span><\/div>\n<div class=\"Padro\" style=\"text-align: center;\"><\/div>\n<div class=\"Padro\" style=\"text-align: justify; text-justify: inter-ideograph;\"><span style=\"font-family: Arial, Helvetica, sans-serif;\">Vimos que Francisco, o famoso<br \/>\nChico do noturno, \u00e9 realmente o \u201cBombril\u201d da escola. E que ele continue sendo<br \/>\nessa pessoa alegre, amig\u00e1vel e prestativa.<\/span><\/p>\n<p><span style=\"font-family: Arial, Helvetica, sans-serif;\"><br \/>\n<\/span><br \/>\n<span style=\"font-family: Arial, Helvetica, sans-serif;\">VAN\/Gabi Santos, Thalita , Karol Lopes e Bruna Emanuelle<\/span><\/p>\n<p><span style=\"font-family: Arial, Helvetica, sans-serif;\"><br \/>\n<\/span><\/p>\n<div class=\"separator\" style=\"clear: both; text-align: center;\"><a style=\"margin-left: 1em; margin-right: 1em;\" href=\"http:\/\/1.bp.blogspot.com\/-CjbbPPgzJWU\/UpjV9_0rMqI\/AAAAAAAACnU\/h2JTNORMjyM\/s1600\/DSC_0003.jpg\"><img loading=\"lazy\" decoding=\"async\" src=\"http:\/\/1.bp.blogspot.com\/-CjbbPPgzJWU\/UpjV9_0rMqI\/AAAAAAAACnU\/h2JTNORMjyM\/s320\/DSC_0003.jpg\" alt=\"\" width=\"320\" height=\"212\" border=\"0\" \/><\/a><\/div>\n<p><span style=\"font-family: Arial, Helvetica, sans-serif;\">\u00a0<\/span><\/p>\n<\/div>\n<div class=\"Padro\" style=\"text-align: justify; text-justify: inter-ideograph;\"><span style=\"font-family: Arial, Helvetica, sans-serif;\">\u00a0<\/span><\/div>\n<div class=\"Padro\" style=\"text-align: center;\" align=\"center\"><b><span style=\"line-height: 115%;\"><span style=\"font-family: Arial, Helvetica, sans-serif; font-size: 16px;\">Falta de educa\u00e7\u00e3o sexual na Escola<\/span><\/span><\/b><\/div>\n<div class=\"Padro\" style=\"text-align: center;\" align=\"center\"><b><span style=\"line-height: 115%;\"><span style=\"font-family: Arial, Helvetica, sans-serif;\">\u00a0<\/span><\/span><\/b><\/div>\n<div class=\"Padro\" style=\"text-align: left;\"><span style=\"line-height: 115%;\"><span style=\"font-family: Arial, Helvetica, sans-serif;\">Com a diferente mentalidade dos jovens de hoje, a<br \/>\nvida sexual come\u00e7a mais cedo.\u00a0 Nessa<br \/>\nhora, deve-se come\u00e7ar o di\u00e1logo com os pais sobre o assunto e o ambiente<br \/>\nescolar torna-se influente na forma\u00e7\u00e3o psicol\u00f3gica desses adolescentes.<br \/>\nConversamos com a aluna B\u00e1rbara Oliveira e a professora Ana Cristina de Resende<br \/>\nsobre o assunto.<\/span><\/span><\/div>\n<div class=\"Padro\" style=\"text-align: left;\"><span style=\"line-height: 115%;\"><span style=\"font-family: Arial, Helvetica, sans-serif;\">\u00a0<\/span><\/span><\/div>\n<div class=\"Padro\" style=\"text-align: left;\"><span style=\"font-family: Arial, Helvetica, sans-serif;\"><span style=\"line-height: 115%;\">&#8220;Eu sempre tive curiosidade sobre o assunto,<br \/>\ndesde nova, mas meus pais nunca tiveram essa liberdade comigo. Sobre a primeira<br \/>\nmenstrua\u00e7\u00e3o, prote\u00e7\u00e3o e tipos de sexo, eu fui descobrindo aos poucos, ouvindo<br \/>\ndos meus amigos, o que nem sempre \u00e9 bom&#8221; &#8211; afirma B\u00e1rbara,\u00a0 de 19 anos estudante da escola Dr. Garcia de<br \/>\nLima. Ela relata que j\u00e1 teve aula sobre<br \/>\na orienta\u00e7\u00e3o, mas\u00a0 que acaba tendo<br \/>\ninforma\u00e7\u00f5es sobre o assunto com amigos. A estudante afirma, tamb\u00e9m, que conhece<br \/>\nsobre os m\u00e9todos de preven\u00e7\u00e3o\u00a0 contra<br \/>\ngravidez e doen\u00e7as sexualmente transmiss\u00edveis, tais como anticoncepcional e<br \/>\ncamisinha.<\/span> <\/span><\/div>\n<div class=\"Padro\" style=\"text-align: left;\"><span style=\"line-height: 115%;\"><span style=\"font-family: Arial, Helvetica, sans-serif;\">\u00a0<\/span><\/span><\/div>\n<div class=\"Padro\" style=\"text-align: left;\"><span style=\"line-height: 115%;\"><span style=\"font-family: Arial, Helvetica, sans-serif;\">A professora Ana Cristina de Resende relata que<br \/>\nacha muito importante as aulas sobre orienta\u00e7\u00e3o sexual e diz que sente a<br \/>\ndiferen\u00e7a no comportamento dos alunos: &#8220;A grande maioria deles n\u00e3o t\u00eam<br \/>\nliberdade de conversar com os pais em casa e, havendo essa possibilidade dentro<br \/>\nde sala de aula, eles se informar\u00e3o melhor sobre o assunto&#8221;. Ana ainda<br \/>\nressalta que: &#8220;&#8230; essa mat\u00e9ria n\u00e3o faz parte do curr\u00edculo, mas nada<br \/>\nimpede que os professores falem a respeito.\u201d<\/span><\/span><\/div>\n<div class=\"Padro\" style=\"text-align: left;\"><span style=\"text-align: center;\"><span style=\"font-family: Arial, Helvetica, sans-serif;\">\u00a0<\/span><\/span><\/div>\n<div class=\"Padro\" style=\"text-align: left;\"><span style=\"font-family: Arial, Helvetica, sans-serif;\"><span style=\"text-align: center;\">A partir dessas entrevistas, podemos concluir que deve ser implementada<br \/>\numa disciplina sobre orienta\u00e7\u00e3o sexual em todos os curr\u00edculos, pois \u00e9 de grande<br \/>\nimport\u00e2ncia para a<\/span><span style=\"text-align: center;\">\u00a0 <\/span><span style=\"text-align: center;\">forma\u00e7\u00e3o da<br \/>\nmentalidade dos jovens.<\/span><\/span><\/div>\n<div class=\"Padro\" style=\"text-align: left;\"><span style=\"font-family: Arial, Helvetica, sans-serif;\"><span style=\"text-align: center;\"><br \/>\n<\/span><\/span><br \/>\n<span style=\"text-align: center;\"><span style=\"font-family: Arial, Helvetica, sans-serif;\">VAN\/Larissa Lombello, Gabi Santos, Taynara Guimar\u00e3es e Jessica Lopes<\/span><\/span><\/p>\n<p><span style=\"font-family: Arial, Helvetica, sans-serif;\"><span style=\"text-align: center;\"><br \/>\n<\/span><\/span><\/p>\n<div class=\"separator\" style=\"clear: both; text-align: center;\"><a style=\"margin-left: 1em; margin-right: 1em;\" href=\"http:\/\/3.bp.blogspot.com\/-VXXy9bjlkj8\/UpjX2H2J7HI\/AAAAAAAACng\/0H5lxDmftrc\/s1600\/DSC_0351.jpg\"><img loading=\"lazy\" decoding=\"async\" src=\"http:\/\/3.bp.blogspot.com\/-VXXy9bjlkj8\/UpjX2H2J7HI\/AAAAAAAACng\/0H5lxDmftrc\/s320\/DSC_0351.jpg\" alt=\"\" width=\"320\" height=\"212\" border=\"0\" \/><\/a><\/div>\n<p><span style=\"font-family: Arial, Helvetica, sans-serif;\"><span style=\"text-align: center;\">\u00a0<\/span><\/span><\/p>\n<\/div>\n<div class=\"MsoNormal\" style=\"text-align: center;\" align=\"center\"><span style=\"font-family: Arial, Helvetica, sans-serif; font-size: 16px;\"><b>Trilh\u00e3o de <\/b><b>Bichinho<\/b><\/span><b><\/b><\/div>\n<div class=\"MsoNormal\" style=\"text-align: center;\" align=\"center\"><b><span style=\"font-family: 'Times New Roman','serif';\">\u00a0<\/span><\/b><\/div>\n<div class=\"MsoNormal\" style=\"text-align: justify;\"><span style=\"font-family: Arial, Helvetica, sans-serif;\">Aconteceu, no final de semana dos dias 12 e<br \/>\n13, o <i>Trilh\u00e3o de Bichinho<\/i>, que passa em cidades da regi\u00e3o das Vertentes.<br \/>\nA largada se deu em S\u00e3o Jo\u00e3o del-Rei, passando por Resende Costa, com a chegada<br \/>\nem Bichinho. Inscreveram-se, para o evento, mais de quatrocentos atletas. Os<br \/>\ncem primeiros inscritos tiveram direito a trof\u00e9us de participa\u00e7\u00e3o. Os outros<br \/>\ntrezentos tiveram a oportunidade de ganhar camisas do evento.<\/span><\/div>\n<div class=\"MsoNormal\" style=\"text-align: justify;\"><span style=\"font-family: Arial, Helvetica, sans-serif;\">\u00a0<\/span><\/div>\n<div class=\"MsoNormal\" style=\"text-align: center;\"><\/div>\n<div class=\"MsoNormal\" style=\"text-align: justify;\"><span style=\"font-family: Arial, Helvetica, sans-serif;\">A trilha uniu comunidades, proporcionando<br \/>\nharmonia entre os trilheiros. Na opini\u00e3o de Pablo Augusto, o evento foi<br \/>\nbastante emocionante, por promover o encontro de\u00a0 centenas de atletas apaixonados por motos e<br \/>\namantes do barulho: \u201cadorei o encontro com os atletas que amam as motos e os<br \/>\nbarulhos delas\u201d.<\/span><\/div>\n<div class=\"MsoNormal\" style=\"text-align: justify;\"><span style=\"font-family: Arial, Helvetica, sans-serif;\"><br \/>\n<\/span><br \/>\n<span style=\"font-family: Arial, Helvetica, sans-serif;\">VAN\/Lucas Marcos<\/span><\/p>\n<p><span style=\"font-family: Arial, Helvetica, sans-serif;\"><br \/>\n<\/span><\/p>\n<div class=\"separator\" style=\"clear: both; text-align: center;\"><a style=\"margin-left: 1em; margin-right: 1em;\" href=\"http:\/\/2.bp.blogspot.com\/-fErZBO9xoEA\/UpjZIdQZGbI\/AAAAAAAACno\/5nJQCriTKPw\/s1600\/DSC_0348.jpg\"><img loading=\"lazy\" decoding=\"async\" src=\"http:\/\/2.bp.blogspot.com\/-fErZBO9xoEA\/UpjZIdQZGbI\/AAAAAAAACno\/5nJQCriTKPw\/s320\/DSC_0348.jpg\" alt=\"\" width=\"320\" height=\"212\" border=\"0\" \/><\/a><\/div>\n<p><span style=\"font-family: Arial, Helvetica, sans-serif;\">\u00a0<\/span><\/p>\n<\/div>\n<div class=\"MsoNormal\" style=\"text-align: center;\"><b><span style=\"font-family: Arial, Helvetica, sans-serif; font-size: 16px;\">Artes Marciais<\/span><\/b><\/p>\n<p><span style=\"font-family: Arial, Helvetica, sans-serif; line-height: 115%; text-align: justify;\"><br \/>\n<\/span><\/p>\n<div style=\"text-align: left;\"><span style=\"font-family: Arial, Helvetica, sans-serif; line-height: 115%; text-align: justify;\">Estudantes do terceiro ano do Ensino M\u00e9dio da<br \/>\nEscola Estadual Dr. Garcia de Lima falam sobre a import\u00e2ncia do esporte <\/span><i style=\"font-family: Arial, Helvetica, sans-serif; line-height: 115%; text-align: justify;\">Muay<br \/>\nThai<\/i><span style=\"font-family: Arial, Helvetica, sans-serif; line-height: 115%; text-align: justify;\">. O aluno, e tamb\u00e9m professor de do esporte, Gustavo Henrique Ventura<br \/>\ndas Chagas, come\u00e7ou a praticar a arte marcial em 2003 com o objetivo de defesa<br \/>\npessoal. No decorrer dos treinamentos, aprimorou suas habilidades t\u00e9cnicas e<br \/>\ntamb\u00e9m modificou seu conceito pessoal.<\/span><\/div>\n<\/div>\n<div class=\"Padro\" style=\"text-align: justify; text-justify: inter-ideograph;\"><span style=\"line-height: 115%;\"><span style=\"font-family: Arial, Helvetica, sans-serif;\">\u00a0<\/span><\/span><\/div>\n<div class=\"MsoNormal\"><\/div>\n<div class=\"Padro\" style=\"text-align: justify; text-justify: inter-ideograph;\"><span style=\"line-height: 115%;\"><span style=\"line-height: 115%;\"><span style=\"font-family: Arial, Helvetica, sans-serif;\">\u201cFoi muito importante pra mim! Aprendi tanto na<br \/>\nt\u00e9cnica quanto no profissional\u201d &#8211;\u00a0 afirma<br \/>\no professor. Gustavo ministra as aulas para mais de 200 alunos, com idade a<br \/>\npartir de sete anos e refor\u00e7a que idade n\u00e3o importa para come\u00e7ar a praticar o<br \/>\nesporte.\u00a0\u00a0\u00a0\u00a0<\/span><\/span><\/span>Em entrevista, o professor Itamar, de Educa\u00e7\u00e3o F\u00edsica, relatou que &#8220;o<br \/>\nesporte \u00e9 uma manifesta\u00e7\u00e3o da cultura e uma pr\u00e1tica que leva ao lazer e<br \/>\natra\u00e7\u00e3o. Criticar o esporte n\u00e3o significa desvalorizar a sua aprendizagem, mas<br \/>\nsim, contextualizar a viv\u00eancia de sua pr\u00e1tica, pois esta n\u00e3o se restringe ao<br \/>\ndom\u00ednio de suas t\u00e9cnicas&#8221;.<\/p>\n<\/div>\n<div class=\"Padro\" style=\"text-align: left;\"><span style=\"font-family: 'Times New Roman','serif';\"><br \/>\n<\/span><br \/>\n<span style=\"font-family: Arial, Helvetica, sans-serif;\">VAN\/Conrado Augusto<\/span><\/p>\n<p><span style=\"font-family: Arial, Helvetica, sans-serif;\"><br \/>\n<\/span><br \/>\n<span style=\"font-family: Arial, Helvetica, sans-serif;\">Confira fotos das atividades feitas com os alunos da E.E. Dr. Garcia de Lima no <a href=\"http:\/\/www.flickr.com\/photos\/van_imagens\/sets\/72157637913555443\/\" target=\"_blank\">Flickr<\/a>.<\/span><\/div>\n<div style=\"text-align: center;\"><\/div>\n<div class=\"Padro\" style=\"text-align: justify; text-justify: inter-ideograph;\"><\/div>\n<div style=\"text-align: center;\"><\/div>\n","protected":false},"excerpt":{"rendered":"<p>Not\u00edcias da Escola Estadual Doutor Garcia de Lima &#8211; 2013 Anfiteatro em Escolas &nbsp; Na Roma Antiga, os anfiteatros foram adaptados dos teatros gregos para servirem aos combates de gladiadores,<\/p>\n","protected":false},"author":2,"featured_media":0,"parent":0,"menu_order":0,"comment_status":"closed","ping_status":"closed","template":"","meta":{"_monsterinsights_skip_tracking":false,"_monsterinsights_sitenote_active":false,"_monsterinsights_sitenote_note":"","_monsterinsights_sitenote_category":0,"_themeisle_gutenberg_block_has_review":false,"cybocfi_hide_featured_image":"","footnotes":""},"class_list":["post-25","page","type-page","status-publish","hentry"],"_links":{"self":[{"href":"http:\/\/jornalismo.ufsj.edu.br\/van\/wp-json\/wp\/v2\/pages\/25","targetHints":{"allow":["GET"]}}],"collection":[{"href":"http:\/\/jornalismo.ufsj.edu.br\/van\/wp-json\/wp\/v2\/pages"}],"about":[{"href":"http:\/\/jornalismo.ufsj.edu.br\/van\/wp-json\/wp\/v2\/types\/page"}],"author":[{"embeddable":true,"href":"http:\/\/jornalismo.ufsj.edu.br\/van\/wp-json\/wp\/v2\/users\/2"}],"replies":[{"embeddable":true,"href":"http:\/\/jornalismo.ufsj.edu.br\/van\/wp-json\/wp\/v2\/comments?post=25"}],"version-history":[{"count":2,"href":"http:\/\/jornalismo.ufsj.edu.br\/van\/wp-json\/wp\/v2\/pages\/25\/revisions"}],"predecessor-version":[{"id":61,"href":"http:\/\/jornalismo.ufsj.edu.br\/van\/wp-json\/wp\/v2\/pages\/25\/revisions\/61"}],"wp:attachment":[{"href":"http:\/\/jornalismo.ufsj.edu.br\/van\/wp-json\/wp\/v2\/media?parent=25"}],"curies":[{"name":"wp","href":"https:\/\/api.w.org\/{rel}","templated":true}]}}